{"id":43,"date":"2022-11-14T12:29:33","date_gmt":"2022-11-14T12:29:33","guid":{"rendered":"https:\/\/rezeda.hera.wpspace.me\/?page_id=43"},"modified":"2022-11-24T08:35:21","modified_gmt":"2022-11-24T08:35:21","slug":"startseite","status":"publish","type":"page","link":"https:\/\/rezeda.hera.wpspace.me\/","title":{"rendered":"Startseite"},"content":{"rendered":"\n<div class=\"wp-block-group alignwide\"><div class=\"wp-block-group__inner-container is-layout-constrained wp-block-group-is-layout-constrained\">\n<div class=\"wp-block-media-text alignwide is-stacked-on-mobile is-vertically-aligned-center\" style=\"grid-template-columns:36% auto\"><figure class=\"wp-block-media-text__media\"><img loading=\"lazy\" decoding=\"async\" width=\"1023\" height=\"683\" src=\"https:\/\/rezeda.hera.wpspace.me\/wp-content\/uploads\/2022\/11\/monika.webp\" alt=\"Psychotherapeutin HpG Monika Edalatian\" class=\"wp-image-103 size-full\" srcset=\"https:\/\/rezeda.hera.wpspace.me\/wp-content\/uploads\/2022\/11\/monika.webp 1023w, https:\/\/rezeda.hera.wpspace.me\/wp-content\/uploads\/2022\/11\/monika-300x200.webp 300w, https:\/\/rezeda.hera.wpspace.me\/wp-content\/uploads\/2022\/11\/monika-768x513.webp 768w\" sizes=\"auto, (max-width: 1023px) 100vw, 1023px\" \/><\/figure><div class=\"wp-block-media-text__content\">\n<div class=\"wp-block-group alignwide\" style=\"padding-top:2em;padding-right:2em;padding-bottom:2em;padding-left:2em\"><div class=\"wp-block-group__inner-container is-layout-constrained wp-container-core-group-is-layout-19f38858 wp-block-group-is-layout-constrained\">\n<p class=\"has-medium-font-size\" style=\"line-height:1.2\">&#8222;&#8230; denn Sie sind wichtig und haben das Recht auf meine uneingeschr\u00e4nkte Aufmerksamkeit.&#8220;<\/p>\n\n\n\n<p class=\"has-medium-font-size\" style=\"font-style:normal;font-weight:100\"><em>\u2013 Monika Edalatian<\/em><\/p>\n<\/div><\/div>\n<\/div><\/div>\n<\/div><\/div>\n\n\n\n<p class=\"has-text-align-center\" style=\"font-size:24px;font-style:normal;font-weight:300\">Mit diesen Worten, begr\u00fcsse ich Sie herzlich in meiner Praxis f\u00fcr Psychotherapie in Kassel.<\/p>\n\n\n\n<div style=\"height:65px\" aria-hidden=\"true\" class=\"wp-block-spacer\"><\/div>\n\n\n\n<div class=\"wp-block-group alignfull has-base-2-background-color has-background\"><div class=\"wp-block-group__inner-container is-layout-constrained wp-block-group-is-layout-constrained\">\n<h2 class=\"alignwide has-text-align-center wp-block-heading\">Meine T\u00e4tigkeitsschwerpunkte<\/h2>\n\n\n\n<div class=\"wp-block-columns alignwide is-layout-flex wp-container-core-columns-is-layout-9d6595d7 wp-block-columns-is-layout-flex\">\n<div class=\"wp-block-column has-base-3-background-color has-text-color has-background has-link-color wp-elements-af5320cbab7bcdd9ebe65577630ed2d8 is-layout-flow wp-block-column-is-layout-flow\" style=\"color:#000000;padding-top:2em;padding-right:2em;padding-bottom:2em;padding-left:2em\">\n<h2 class=\"has-text-align-center wp-block-heading\" id=\"single\" style=\"font-size:40px\"><strong>Mental<\/strong><\/h2>\n\n\n\n<p class=\"has-text-align-center has-normal-font-size\" style=\"line-height:1.5\"><strong>Mentale Heilung<\/strong><\/p>\n\n\n\n<hr class=\"wp-block-separator has-alpha-channel-opacity is-style-wide\"\/>\n\n\n\n<ul class=\"has-normal-font-size wp-block-list\">\n<li>Stressmanagement<\/li>\n\n\n\n<li>Pers\u00f6nlichkeitsentwicklung<\/li>\n\n\n\n<li><a href=\"https:\/\/rezeda.hera.wpspace.me\/index.php\/therapien-angebote\/entspannungsverfahren\/autogenes-training\/\" data-type=\"page\" data-id=\"398\">Autogenes Training<\/a> (AT)<\/li>\n\n\n\n<li><a href=\"https:\/\/rezeda.hera.wpspace.me\/index.php\/therapien-angebote\/entspannungsverfahren\/progressive-muskelrelaxation\/\" data-type=\"page\" data-id=\"422\">Progressive Muskelrelaxation<\/a> (PMR)<\/li>\n\n\n\n<li>medizinische Heilhypnose<\/li>\n<\/ul>\n<\/div>\n\n\n\n<div class=\"wp-block-column has-base-3-background-color has-text-color has-background has-link-color wp-elements-d7eb3a6551747538ae5d95375b9d27f3 is-layout-flow wp-block-column-is-layout-flow\" style=\"color:#000000;padding-top:2em;padding-right:2em;padding-bottom:2em;padding-left:2em\">\n<h2 class=\"has-text-align-center wp-block-heading\" id=\"family\" style=\"font-size:40px\"><strong>Therapie<\/strong><\/h2>\n\n\n\n<p class=\"has-text-align-center has-normal-font-size\" style=\"line-height:1.5\"><strong>F\u00fcr jede*n die passende Therapie<\/strong><\/p>\n\n\n\n<hr class=\"wp-block-separator has-css-opacity is-style-wide\"\/>\n\n\n\n<ul class=\"has-normal-font-size wp-block-list\">\n<li>Gewichtsreduktion durch Hypnose<\/li>\n\n\n\n<li>Verhaltenstherapie<\/li>\n\n\n\n<li>\u00c4ngste loswerden<\/li>\n\n\n\n<li>klassische Gespr\u00e4chstherapie<\/li>\n\n\n\n<li>Gef\u00fchrte Meditation<\/li>\n<\/ul>\n<\/div>\n\n\n\n<div class=\"wp-block-column has-base-3-background-color has-text-color has-background has-link-color wp-elements-927c14a4d1bc2610e8c3504dfbaae73e is-layout-flow wp-block-column-is-layout-flow\" style=\"color:#000000;padding-top:2em;padding-right:2em;padding-bottom:2em;padding-left:2em\">\n<h2 class=\"has-text-align-center wp-block-heading\" id=\"patron\" style=\"font-size:40px\"><strong>Physiotherapie<\/strong><\/h2>\n\n\n\n<p class=\"has-text-align-center has-normal-font-size\"><strong>Die sanfte Art Schmerzen loszuwerden<\/strong><\/p>\n\n\n\n<hr class=\"wp-block-separator has-css-opacity is-style-wide\"\/>\n\n\n\n<ul class=\"has-normal-font-size wp-block-list\">\n<li>Schmerztherapie nach Liebscher &amp; Bracht<\/li>\n\n\n\n<li>Osteopressur nach der Liebscher &amp; Bracht Schmerztherapie<\/li>\n<\/ul>\n<\/div>\n<\/div>\n<\/div><\/div>\n\n\n\n<div style=\"height:65px\" aria-hidden=\"true\" class=\"wp-block-spacer\"><\/div>\n\n\n\n<div class=\"wp-block-media-text alignwide is-stacked-on-mobile\"><figure class=\"wp-block-media-text__media\"><img loading=\"lazy\" decoding=\"async\" width=\"1024\" height=\"768\" src=\"https:\/\/rezeda.hera.wpspace.me\/wp-content\/uploads\/2022\/11\/praxis.jpeg\" alt=\"Praxisraum\" class=\"wp-image-711 size-full\" srcset=\"https:\/\/rezeda.hera.wpspace.me\/wp-content\/uploads\/2022\/11\/praxis.jpeg 1024w, https:\/\/rezeda.hera.wpspace.me\/wp-content\/uploads\/2022\/11\/praxis-300x225.jpeg 300w, https:\/\/rezeda.hera.wpspace.me\/wp-content\/uploads\/2022\/11\/praxis-768x576.jpeg 768w\" sizes=\"auto, (max-width: 1024px) 100vw, 1024px\" \/><\/figure><div class=\"wp-block-media-text__content\">\n<h2 class=\"has-text-align-left wp-block-heading\">Meine Praxis &#8211; Ihr Ruhepool<\/h2>\n\n\n\n<p>Tauchen Sie ein, in die Quelle der inneren Ruhe, und sch\u00f6pfen Sie wieder Kraft und Energie, um Ihre Ressourcen wieder zu finden oder sie zu verst\u00e4rken.<\/p>\n\n\n\n<div class=\"wp-block-group has-medium-font-size\"><div class=\"wp-block-group__inner-container is-layout-constrained wp-block-group-is-layout-constrained\">\n<div class=\"wp-block-columns alignwide are-vertically-aligned-top is-layout-flex wp-container-core-columns-is-layout-9d6595d7 wp-block-columns-is-layout-flex\">\n<div class=\"wp-block-column is-vertically-aligned-top is-layout-flow wp-block-column-is-layout-flow\">\n<p class=\"has-text-align-left has-medium-font-size\">\u2713 <strong>16 Jahre Erfahrung<\/strong><\/p>\n<\/div>\n\n\n\n<div class=\"wp-block-column is-vertically-aligned-top is-layout-flow wp-block-column-is-layout-flow\">\n<p>\u2713 <strong>Viele Fachbereiche<\/strong><\/p>\n<\/div>\n<\/div>\n\n\n\n<div class=\"wp-block-columns alignwide are-vertically-aligned-top is-layout-flex wp-container-core-columns-is-layout-9d6595d7 wp-block-columns-is-layout-flex\">\n<div class=\"wp-block-column is-vertically-aligned-top is-layout-flow wp-block-column-is-layout-flow\">\n<p class=\"has-text-align-left\">\u2713 <strong>Modernes Ambiente<\/strong><\/p>\n<\/div>\n\n\n\n<div class=\"wp-block-column is-vertically-aligned-top is-layout-flow wp-block-column-is-layout-flow\">\n<p>\u2713 <strong>Jede*r ist willkommen<\/strong><\/p>\n<\/div>\n<\/div>\n\n\n\n<div class=\"wp-block-buttons alignwide is-content-justification-center is-layout-flex wp-container-core-buttons-is-layout-16018d1d wp-block-buttons-is-layout-flex\">\n<div class=\"wp-block-button has-custom-width wp-block-button__width-100\"><a class=\"wp-block-button__link has-global-color-8-background-color has-background wp-element-button\">Mehr erfahren<\/a><\/div>\n<\/div>\n<\/div><\/div>\n<\/div><\/div>\n\n\n\n<div style=\"height:65px\" aria-hidden=\"true\" class=\"wp-block-spacer\"><\/div>\n\n\n\n<div class=\"wp-block-group alignfull has-global-color-8-background-color has-text-color has-background has-medium-font-size\" style=\"color:#000000\"><div class=\"wp-block-group__inner-container is-layout-constrained wp-block-group-is-layout-constrained\">\n<h2 class=\"has-text-align-center wp-block-heading\" id=\"schedule-a-visit\" style=\"font-size:50px;line-height:1.15\"><strong>Termin vereinbaren<\/strong><\/h2>\n\n\n\n<div class=\"wp-block-buttons has-custom-font-size has-medium-font-size is-horizontal is-content-justification-center is-layout-flex wp-container-core-buttons-is-layout-499968f5 wp-block-buttons-is-layout-flex\">\n<div class=\"wp-block-button has-custom-width wp-block-button__width-50 is-style-outline button-custom-width is-style-outline--1\"><a class=\"wp-block-button__link has-text-color has-background wp-element-button\" href=\"https:\/\/rezeda.hera.wpspace.me\/index.php\/kontakt\/\" style=\"border-radius:50px;color:#ffffff;background-color:#000000\">Kontaktieren Sie mich<\/a><\/div>\n<\/div>\n<\/div><\/div>\n\n\n\n<div style=\"height:65px\" aria-hidden=\"true\" class=\"wp-block-spacer\"><\/div>\n\n\n\n<div class=\"wp-block-columns alignwide is-layout-flex wp-container-core-columns-is-layout-9d6595d7 wp-block-columns-is-layout-flex\">\n<div class=\"wp-block-column is-vertically-aligned-center has-large-font-size is-layout-flow wp-block-column-is-layout-flow\">\n<div class=\"wp-block-group alignwide is-content-justification-center is-nowrap is-layout-flex wp-container-core-group-is-layout-94bc23d7 wp-block-group-is-layout-flex\"><div class=\"wp-block-image\">\n<figure class=\"aligncenter size-full\"><img loading=\"lazy\" decoding=\"async\" width=\"100\" height=\"100\" src=\"https:\/\/rezeda.hera.wpspace.me\/wp-content\/uploads\/2022\/11\/vfp.webp\" alt=\"Verband Freier Psychotherapeuten, Heilpraktiker f\u00fcr Psychotherapie und Psychologischer Berater e.V\" class=\"wp-image-107\"\/><\/figure>\n<\/div>\n\n<div class=\"wp-block-image\">\n<figure class=\"aligncenter size-full\"><img loading=\"lazy\" decoding=\"async\" width=\"100\" height=\"100\" src=\"https:\/\/rezeda.hera.wpspace.me\/wp-content\/uploads\/2022\/11\/vuh.webp\" alt=\"VUH Verband Unabhaengiger Heilpraktiker\" class=\"wp-image-108\"\/><\/figure>\n<\/div><\/div>\n<\/div>\n<\/div>\n","protected":false},"excerpt":{"rendered":"<p>&#8222;&#8230; denn Sie sind wichtig und haben das Recht auf meine uneingeschr\u00e4nkte Aufmerksamkeit.&#8220; \u2013 Monika Edalatian Mit diesen Worten, begr\u00fcsse ich Sie herzlich in meiner Praxis f\u00fcr Psychotherapie in Kassel. Meine T\u00e4tigkeitsschwerpunkte Mental Mentale Heilung Therapie F\u00fcr jede*n die passende Therapie Physiotherapie Die sanfte Art Schmerzen loszuwerden Termin vereinbaren<\/p>\n","protected":false},"author":1,"featured_media":0,"parent":0,"menu_order":0,"comment_status":"closed","ping_status":"closed","template":"","meta":{"footnotes":""},"class_list":["post-43","page","type-page","status-publish"],"_links":{"self":[{"href":"https:\/\/rezeda.hera.wpspace.me\/index.php\/wp-json\/wp\/v2\/pages\/43","targetHints":{"allow":["GET"]}}],"collection":[{"href":"https:\/\/rezeda.hera.wpspace.me\/index.php\/wp-json\/wp\/v2\/pages"}],"about":[{"href":"https:\/\/rezeda.hera.wpspace.me\/index.php\/wp-json\/wp\/v2\/types\/page"}],"author":[{"embeddable":true,"href":"https:\/\/rezeda.hera.wpspace.me\/index.php\/wp-json\/wp\/v2\/users\/1"}],"replies":[{"embeddable":true,"href":"https:\/\/rezeda.hera.wpspace.me\/index.php\/wp-json\/wp\/v2\/comments?post=43"}],"version-history":[{"count":233,"href":"https:\/\/rezeda.hera.wpspace.me\/index.php\/wp-json\/wp\/v2\/pages\/43\/revisions"}],"predecessor-version":[{"id":743,"href":"https:\/\/rezeda.hera.wpspace.me\/index.php\/wp-json\/wp\/v2\/pages\/43\/revisions\/743"}],"wp:attachment":[{"href":"https:\/\/rezeda.hera.wpspace.me\/index.php\/wp-json\/wp\/v2\/media?parent=43"}],"curies":[{"name":"wp","href":"https:\/\/api.w.org\/{rel}","templated":true}]}}